{"id":3,"date":"2023-11-10T11:56:35","date_gmt":"2023-11-10T10:56:35","guid":{"rendered":"https:\/\/www.purgruppen.se\/?page_id=3"},"modified":"2024-02-16T16:03:43","modified_gmt":"2024-02-16T15:03:43","slug":"integritetspolicy","status":"publish","type":"page","link":"https:\/\/www.purgruppen.se\/index.php\/integritetspolicy\/","title":{"rendered":"Integritetspolicy"},"content":{"rendered":"[et_pb_section fb_built=&#8221;1&#8243; admin_label=&#8221;section&#8221; _builder_version=&#8221;4.16&#8243; global_colors_info=&#8221;{}&#8221;][et_pb_row admin_label=&#8221;row&#8221; _builder_version=&#8221;4.16&#8243; background_size=&#8221;initial&#8221; background_position=&#8221;top_left&#8221; background_repeat=&#8221;repeat&#8221; global_colors_info=&#8221;{}&#8221;][et_pb_column type=&#8221;4_4&#8243; _builder_version=&#8221;4.16&#8243; custom_padding=&#8221;|||&#8221; global_colors_info=&#8221;{}&#8221; custom_padding__hover=&#8221;|||&#8221;][et_pb_text admin_label=&#8221;Text&#8221; _builder_version=&#8221;4.16&#8243; background_size=&#8221;initial&#8221; background_position=&#8221;top_left&#8221; background_repeat=&#8221;repeat&#8221; global_colors_info=&#8221;{}&#8221;]<p><\/p>\n<div id=\"oneComWebmail-main-content\">\n<div class=\"oneComWebmail-entry-content\">\n<div class=\"oneComWebmail-et-l oneComWebmail-et-l--post\">\n<div class=\"oneComWebmail-et_builder_inner_content oneComWebmail-et_pb_gutters3\">\n<div class=\"oneComWebmail-et_pb_section oneComWebmail-et_pb_section_0 oneComWebmail-et_section_regular\">\n<div class=\"oneComWebmail-et_pb_row oneComWebmail-et_pb_row_0\">\n<div class=\"oneComWebmail-et_pb_column oneComWebmail-et_pb_column_4_4 oneComWebmail-et_pb_column_0 oneComWebmail-et_pb_css_mix_blend_mode_passthrough oneComWebmail-et-last-child\">\n<div class=\"oneComWebmail-et_pb_module oneComWebmail-et_pb_text oneComWebmail-et_pb_text_0 oneComWebmail-et_pb_text_align_left oneComWebmail-et_pb_bg_layout_light\">\n<div class=\"oneComWebmail-et_pb_text_inner\">\n<h2 class=\"wp-block-heading\">Integritetspolicy<\/h2>\n<p><b>S\u00e5 hanterar Purgruppen personuppgifter<\/b><\/p>\n<p>Vi v\u00e4rnar om din personliga integritet och efterstr\u00e4var en h\u00f6g niv\u00e5 av dataskydd.<\/p>\n<p>Denna integritetspolicy f\u00f6rklarar hur vi samlar in och anv\u00e4nder din personliga information. Den beskriver ocks\u00e5 vilka r\u00e4ttigheter du har och hur du kan anv\u00e4nda dem.<\/p>\n<p>Purgruppendelar inte dina personuppgifter med n\u00e5gon.<\/p>\n<p><b>Vad \u00e4r en personuppgift och vad \u00e4r behandling av personuppgifter?<\/b><\/p>\n<p>Personuppgifter \u00e4r all slags information som direkt eller indirekt kan h\u00e4nf\u00f6ras till en fysisk person som \u00e4r i livet. Till exempel kan bilder och ljudupptagningar som behandlas i en dator vara personuppgifter \u00e4ven om inga namn n\u00e4mns. Krypterade uppgifter och olika slags elektroniska identiteter (exempelvis IP-nummer) \u00e4r personuppgifter om de kan kopplas till fysiska personer.<\/p>\n<p>Behandling av personuppgifter \u00e4r allt som sker med personuppgifterna. Varje \u00e5tg\u00e4rd som vidtas med personuppgifter utg\u00f6r en behandling, oberoende av om den utf\u00f6rs automatiserat eller ej. Exempel p\u00e5 vanliga behandlingar \u00e4r insamling, strukturering, lagring, \u00f6verf\u00f6ring och radering.<\/p>\n<p><b>Vilka personuppgifter samlar vi in om dig och i vilket syfte?<\/b><\/p>\n<p>N\u00e4r du anm\u00e4ler dig till t ex en aktivitet som vi anordnar m\u00e5ste vi kunna hantera din bokning. Vi beh\u00f6ver din e-postadress och telefonnummer f\u00f6r att du ska kunna f\u00e5 information kring aktiviteten.<\/p>\n<p><b>De personuppgifter vi lagrar \u00e4r:<\/b><\/p>\n<p>\u2022 Namn<\/p>\n<p>\u2022 Kontaktuppgifter (e-post, telefonnummer)<\/p>\n<p>\u2022 Fakturerings- och betalningsinformation f\u00f6r t ex medlemsavgift<\/p>\n<p><b>R\u00e4tt till tillg\u00e5ng (registerutdrag)<\/b><\/p>\n<p>Vill du veta mer om vilka personuppgifter vi behandlar om just dig f\u00e5r du g\u00e4rna kontakta oss f\u00f6r att f\u00e5 tillg\u00e5ng till dina uppgifter.<\/p>\n<p><b>R\u00e4tt till radering<\/b><\/p>\n<p>Du kan beg\u00e4ra radering av personuppgifter vi behandlar om dig ifall:<\/p>\n<p>\u2022 Uppgifterna inte l\u00e4ngre \u00e4r n\u00f6dv\u00e4ndiga f\u00f6r de \u00e4ndam\u00e5l f\u00f6r vilka de har samlats in eller behandlats.<\/p>\n<p>\u2022 Personuppgifterna behandlas p\u00e5 ett olagligt s\u00e4tt.<\/p>\n<p><b>Datainspektionen \u00e4r tillsynsmyndighet<\/b><\/p>\n<p>Datainspektionen \u00e4r ansvarig f\u00f6r att \u00f6vervaka till\u00e4mpningen av lagstiftningen. Den som anser att ett f\u00f6retag hanterar personuppgifter p\u00e5 ett felaktigt s\u00e4tt kan l\u00e4mna in ett klagom\u00e5l till Datainspektionen.<\/p>\n<p><b>Vad har du f\u00f6r r\u00e4ttigheter som registrerad?<\/b><\/p>\n<p>All information om dina r\u00e4ttigheter finns p\u00e5 Datainspektionens hemsida:<\/p>\n<p><a href=\"https:\/\/www.imy.se\/privatperson\/dataskydd\/dina-rattigheter\/\" target=\"_blank\" rel=\"noopener\">https:\/\/www.datainspektionen.se\/lagar-och-regler\/personuppgiftslagen\/dina-rattigheter\/<\/a><\/p>\n<p><b>Vem \u00e4r ansvarig f\u00f6r de personuppgifter vi behandlar?<\/b><\/p>\n<p>Personuppgiftsansvarig kallas den som best\u00e4mmer varf\u00f6r och hur personuppgifter ska behandlas. En personuppgiftsansvarig kan till exempel vara en kommun, organisation eller ett f\u00f6retag.<\/p>\n<p>Purgruppen ansvarar f\u00f6r de personuppgifter som lagras. Om du har fr\u00e5gor om dina personuppgifter kan du kontakta: info@purgruppen.se<\/p>\n<\/div>\n<\/div>\n<\/div>\n<\/div>\n<\/div>\n<\/div>\n<\/div>\n<\/div>\n<\/div>\n<p class=\"oneComWebmail-MsoNormal\" style=\"margin-bottom: 12pt; background-position: 0% 0%; background-repeat: repeat; background-attachment: scroll; background-image: none; background-size: auto;\"><\/p>\n<p><\/p>[\/et_pb_text][\/et_pb_column][\/et_pb_row][\/et_pb_section]","protected":false},"excerpt":{"rendered":"<p>Integritetspolicy S\u00e5 hanterar Purgruppen personuppgifter Vi v\u00e4rnar om din personliga integritet och efterstr\u00e4var en h\u00f6g niv\u00e5 av dataskydd. Denna integritetspolicy f\u00f6rklarar hur vi samlar in och anv\u00e4nder din personliga information. Den beskriver ocks\u00e5 vilka r\u00e4ttigheter du har och hur du kan anv\u00e4nda dem. Purgruppendelar inte dina personuppgifter med n\u00e5gon. Vad \u00e4r en personuppgift och vad [&hellip;]<\/p>\n","protected":false},"author":4,"featured_media":0,"parent":0,"menu_order":0,"comment_status":"closed","ping_status":"closed","template":"","meta":{"_et_pb_use_builder":"on","_et_pb_old_content":"<!-- wp:heading --><h2>Vilka vi \u00e4r<\/h2><!-- \/wp:heading --><!-- wp:paragraph --><p><strong class=\"privacy-policy-tutorial\">F\u00f6reslagen text: <\/strong>V\u00e5r webbplatsadress \u00e4r: https:\/\/www.purgruppen.se.<\/p><!-- \/wp:paragraph --><!-- wp:heading --><h2>Kommentarer<\/h2><!-- \/wp:heading --><!-- wp:paragraph --><p><strong class=\"privacy-policy-tutorial\">F\u00f6reslagen text: <\/strong>N\u00e4r bes\u00f6kare l\u00e4mnar kommentarer p\u00e5 webbplatsen samlar vi in de uppgifter som visas i kommentarsformul\u00e4ret samt bes\u00f6karens IP-adress och webbl\u00e4sarens anv\u00e4ndaragent-str\u00e4ng som hj\u00e4lp f\u00f6r detektering av skr\u00e4ppost.<\/p><!-- \/wp:paragraph --><!-- wp:paragraph --><p>En anonymiserad str\u00e4ng som skapats utifr\u00e5n din e-postadress (\u00e4ven kallat hash-v\u00e4rde) kan komma att s\u00e4ndas till tj\u00e4nsten Gravatar f\u00f6r att avg\u00f6ra om du finns registrerad d\u00e4r. Integritetspolicyn f\u00f6r tj\u00e4nsten Gravatar finns p\u00e5 https:\/\/automattic.com\/privacy\/. N\u00e4r din kommentar har godk\u00e4nts visas din profilbild offentligt tillsammans med din kommentar.<\/p><!-- \/wp:paragraph --><!-- wp:heading --><h2>Media<\/h2><!-- \/wp:heading --><!-- wp:paragraph --><p><strong class=\"privacy-policy-tutorial\">F\u00f6reslagen text: <\/strong>Om du laddar upp bilder till webbplatsen b\u00f6r du undvika att ladda upp bilder d\u00e4r EXIF-data inkluderar data fr\u00e5n GPS-lokalisering. Bes\u00f6kare till webbplatsen kan ladda ned och ta fram alla positioneringsuppgifter fr\u00e5n bilder p\u00e5 webbplatsen.<\/p><!-- \/wp:paragraph --><!-- wp:heading --><h2>Cookie-filer<\/h2><!-- \/wp:heading --><!-- wp:paragraph --><p><strong class=\"privacy-policy-tutorial\">F\u00f6reslagen text: <\/strong>Om du l\u00e4mnar en kommentar p\u00e5 v\u00e5r webbplats kan du v\u00e4lja att spara ditt namn, din e-postadress och webbplatsadress i cookie-filer. Detta \u00e4r f\u00f6r din bekv\u00e4mlighet f\u00f6r att du inte ska beh\u00f6va fylla i dessa uppgifter igen n\u00e4sta g\u00e5ng du skriver en kommentar. Dessa cookie-filer g\u00e4ller i ett \u00e5r.<\/p><!-- \/wp:paragraph --><!-- wp:paragraph --><p>Om du bes\u00f6ker v\u00e5r inloggningssida kommer vi att s\u00e4tta en tillf\u00e4llig cookie f\u00f6r att unders\u00f6ka om din webbl\u00e4sare accepterar dem. Denna cookie inneh\u00e5ller inga personuppgifter och den f\u00f6rsvinner n\u00e4r du st\u00e4nger din webbl\u00e4sare.<\/p><!-- \/wp:paragraph --><!-- wp:paragraph --><p>N\u00e4r du loggar in kommer vi dessutom att skapa flera cookie-filer f\u00f6r att spara information om din inloggning och dina val f\u00f6r utformning av sk\u00e4rmlayouten. Cookie-filer f\u00f6r inloggning g\u00e4ller i tv\u00e5 dagar och cookie-filer f\u00f6r layoutval g\u00e4ller i ett \u00e5r. Om du kryssar i \u201dKom ih\u00e5g mig\u201d kommer din cookie att finnas kvar i tv\u00e5 veckor. Om du loggar ut fr\u00e5n ditt konto kommer cookie-filerna f\u00f6r inloggning att tas bort.<\/p><!-- \/wp:paragraph --><!-- wp:paragraph --><p>Om du redigerar eller publicerar en artikel kommer en extra cookie-fil att sparas i din webbl\u00e4sare. Denna cookie-fil inneh\u00e5ller inga personuppgifter utan anger endast inl\u00e4ggs-ID f\u00f6r den artikel du just redigerade och l\u00f6per ut efter ett dygn.<\/p><!-- \/wp:paragraph --><!-- wp:heading --><h2>Inb\u00e4ddad inneh\u00e5ll fr\u00e5n andra webbplatser<\/h2><!-- \/wp:heading --><!-- wp:paragraph --><p><strong class=\"privacy-policy-tutorial\">F\u00f6reslagen text: <\/strong>Artiklar p\u00e5 denna webbplats kan inneh\u00e5lla inb\u00e4ddat inneh\u00e5ll (exempelvis videoklipp, bilder, artiklar o.s.v.). Inb\u00e4ddat inneh\u00e5ll fr\u00e5n andra webbplatser beter sig precis p\u00e5 samma s\u00e4tt som om bes\u00f6karen har bes\u00f6kt den andra webbplatsen.<\/p><!-- \/wp:paragraph --><!-- wp:paragraph --><p>Dessa webbplatser kan samla in uppgifter om dig, anv\u00e4nda cookie-filer, b\u00e4dda in ytterligare sp\u00e5rning fr\u00e5n tredje part och \u00f6vervaka din interaktion med sagda inb\u00e4ddade inneh\u00e5ll, inklusive sp\u00e5rning av din interaktion med detta inb\u00e4ddade inneh\u00e5ll om du har ett konto och \u00e4r inloggad p\u00e5 webbplatsen i fr\u00e5ga.<\/p><!-- \/wp:paragraph --><!-- wp:heading --><h2>Vilka vi delar dina data med<\/h2><!-- \/wp:heading --><!-- wp:paragraph --><p><strong class=\"privacy-policy-tutorial\">F\u00f6reslagen text: <\/strong>Om du beg\u00e4r \u00e5terst\u00e4llning av l\u00f6senordet kommer din IP-adress att ing\u00e5 i e-postmeddelandet om \u00e5terst\u00e4llning.<\/p><!-- \/wp:paragraph --><!-- wp:heading --><h2>Hur l\u00e4nge vi beh\u00e5ller era uppgifter<\/h2><!-- \/wp:heading --><!-- wp:paragraph --><p><strong class=\"privacy-policy-tutorial\">F\u00f6reslagen text: <\/strong>Om du skriver en kommentar kommer kommentaren och dess metadata att sparas utan tidsgr\u00e4ns. Anledningen till detta \u00e4r att vi beh\u00f6ver kunna hitta och godk\u00e4nna uppf\u00f6ljningskommentarer automatiskt och inte l\u00e4gga dem i k\u00f6 f\u00f6r granskning.<\/p><!-- \/wp:paragraph --><!-- wp:paragraph --><p>F\u00f6r anv\u00e4ndare som registrerar sig p\u00e5 er webbplats (om s\u00e5dana finns) sparar vi \u00e4ven de personuppgifter de anger i sin anv\u00e4ndarprofil. Alla anv\u00e4ndare kan se, redigera eller radera sina personuppgifter n\u00e4r som helst (med undantaget att de inte kan \u00e4ndra sitt anv\u00e4ndarnamn). \u00c4ven webbplatsens administrat\u00f6rer kan se och redigera denna information.<\/p><!-- \/wp:paragraph --><!-- wp:heading --><h2>Vilka r\u00e4ttigheter du har \u00f6ver dina data<\/h2><!-- \/wp:heading --><!-- wp:paragraph --><p><strong class=\"privacy-policy-tutorial\">F\u00f6reslagen text: <\/strong>Om du har ett konto eller har skrivit n\u00e5gra kommentarer p\u00e5 denna webbplats kan du beg\u00e4ra en exportfil med de personuppgifter vi har om dig, inklusive alla uppgifter du har gett oss. Du kan ocks\u00e5 beg\u00e4ra att vi tar bort alla personuppgifter vi har om dig. Detta omfattar inte eventuella uppgifter som vi \u00e4r tvungna att spara av administrativa, legala eller s\u00e4kerhets\u00e4ndam\u00e5l.<\/p><!-- \/wp:paragraph --><!-- wp:heading --><h2>Vart dina uppgifter skickas<\/h2><!-- \/wp:heading --><!-- wp:paragraph --><p><strong class=\"privacy-policy-tutorial\">F\u00f6reslagen text: <\/strong>Kommentarer fr\u00e5n bes\u00f6kare kanske kontrolleras via en automatiserad tj\u00e4nst f\u00f6r detektering av skr\u00e4ppost.<\/p><!-- \/wp:paragraph -->","_et_gb_content_width":"","footnotes":""},"class_list":["post-3","page","type-page","status-publish","hentry"],"_links":{"self":[{"href":"https:\/\/www.purgruppen.se\/index.php\/wp-json\/wp\/v2\/pages\/3","targetHints":{"allow":["GET"]}}],"collection":[{"href":"https:\/\/www.purgruppen.se\/index.php\/wp-json\/wp\/v2\/pages"}],"about":[{"href":"https:\/\/www.purgruppen.se\/index.php\/wp-json\/wp\/v2\/types\/page"}],"author":[{"embeddable":true,"href":"https:\/\/www.purgruppen.se\/index.php\/wp-json\/wp\/v2\/users\/4"}],"replies":[{"embeddable":true,"href":"https:\/\/www.purgruppen.se\/index.php\/wp-json\/wp\/v2\/comments?post=3"}],"version-history":[{"count":2,"href":"https:\/\/www.purgruppen.se\/index.php\/wp-json\/wp\/v2\/pages\/3\/revisions"}],"predecessor-version":[{"id":493,"href":"https:\/\/www.purgruppen.se\/index.php\/wp-json\/wp\/v2\/pages\/3\/revisions\/493"}],"wp:attachment":[{"href":"https:\/\/www.purgruppen.se\/index.php\/wp-json\/wp\/v2\/media?parent=3"}],"curies":[{"name":"wp","href":"https:\/\/api.w.org\/{rel}","templated":true}]}}